{"id":17100,"date":"2021-02-13T12:21:03","date_gmt":"2021-02-13T12:21:03","guid":{"rendered":"https:\/\/mercapalma.net\/?page_id=17100"},"modified":"2023-10-02T10:29:42","modified_gmt":"2023-10-02T08:29:42","slug":"pagina-dinici","status":"publish","type":"page","link":"https:\/\/mercapalma.net\/ca\/","title":{"rendered":"Inici"},"content":{"rendered":"<div id='layer_slider_1'  class='avia-layerslider main_color avia-shadow  avia-builder-el-0  el_before_av_section  avia-builder-el-first  container_wrap sidebar_right' style='  height: 901px;' ><\/div>\n<div id='av_section_1'  class='avia-section main_color avia-section-default avia-no-border-styling  avia-bg-style-scroll  avia-builder-el-1  el_after_av_layerslider  el_before_av_section   container_wrap sidebar_right' style=' '  ><div class='container' ><div class='template-page content  av-content-small alpha units'><div class='post-entry post-entry-type-page post-entry-17100'><div class='entry-content-wrapper clearfix'>\n<div class=\"flex_column av_one_full  no_margin flex_column_div first  avia-builder-el-2  avia-builder-el-no-sibling  \" style='margin-top:0px; margin-bottom:0px; background:url(https:\/\/mercapalma.net\/wp-content\/uploads\/1903-Modulo-instalarte-1600-x-376-1500x353.jpg) center center no-repeat ; padding:50px 0px 50px 0px ; border-radius:0px; '><section class=\"av_textblock_section \"  itemscope=\"itemscope\" itemtype=\"https:\/\/schema.org\/CreativeWork\" ><div class='avia_textblock  av_inherit_color '  style='font-size:18px; color:#0c0101; '  itemprop=\"text\" ><h3 style=\"text-align: center;\"><span style=\"font-size: 18pt; color: #ffffff;\">T\u2019agradaria instal\u00b7lar-te a Mercapalma?<\/span><\/h3>\n<p style=\"text-align: center;\"><span style=\"color: #ffffff;\">Mercapalma t\u2019ofereix un lloc per a iniciar, desenvolupar o ampliar qualsevol negoci.<\/span><br \/>\n<span style=\"color: #ffffff;\">Informa\u2019t aqu\u00ed de tots els avantatges.<\/span><\/p>\n<\/div><\/section><br \/>\n<div  class='avia-button-wrap avia-button-center  avia-builder-el-4  el_after_av_textblock  avia-builder-el-last ' ><a href='https:\/\/mercapalma.net\/ca\/sidebar\/espacios-disponibles\/'  class='avia-button  avia-color-light   avia-icon_select-no avia-size-small avia-position-center '   ><span class='avia_iconbox_title' >Vull saber-ne m\u00e9s<\/span><\/a><\/div><\/p><\/div>\n\n<\/div><\/div><\/div><!-- close content main div --><\/div><\/div><div id='av_section_2'  class='avia-section main_color avia-section-default avia-no-border-styling  avia-bg-style-scroll  avia-builder-el-5  el_after_av_section  el_before_av_section   container_wrap sidebar_right' style=' '  ><div class='container' ><div class='template-page content  av-content-small alpha units'><div class='post-entry post-entry-type-page post-entry-17100'><div class='entry-content-wrapper clearfix'>\n<div class='flex_column_table av-equal-height-column-flextable -flextable' ><div class=\"flex_column av_one_fifth  flex_column_table_cell av-equal-height-column av-align-top av-zero-column-padding first  avia-builder-el-6  el_before_av_one_fifth  avia-builder-el-first  \" style='border-radius:0px; '><section class=\"av_textblock_section \"  itemscope=\"itemscope\" itemtype=\"https:\/\/schema.org\/CreativeWork\" ><div class='avia_textblock  av_inherit_color '  style='color:#0a0303; '  itemprop=\"text\" ><h3 style=\"text-align: center; color: black; font-weight: normal; font-size: 23px; --darkreader-inline-color: #e8e6e3;\" data-darkreader-inline-color=\"\">Horaris<\/h3>\n<p style=\"text-align: center; margin-top: 30px; margin-bottom: -6px;\"><img loading=\"lazy\" decoding=\"async\" class=\"wp-image-8797 aligncenter\" src=\"https:\/\/mercapalma.net\/wp-content\/uploads\/Horarios-02.png\" alt=\"\" width=\"63\" height=\"63\" \/><\/p>\n<p style=\"text-align: center; color: #43ac45; --darkreader-inline-color: #86d088;\" data-darkreader-inline-color=\"\"><a style=\"text-decoration: none;\" href=\"https:\/\/mercapalma.net\/sidebar\/horarios\/\"><strong style=\"font-size: 16px;\">Accedir &gt;<\/strong><\/a><\/p>\n<\/div><\/section><\/div><div class='av-flex-placeholder'><\/div><div class=\"flex_column av_one_fifth  flex_column_table_cell av-equal-height-column av-align-top av-zero-column-padding   avia-builder-el-8  el_after_av_one_fifth  el_before_av_one_fifth  \" style='border-radius:0px; '><section class=\"av_textblock_section \"  itemscope=\"itemscope\" itemtype=\"https:\/\/schema.org\/CreativeWork\" ><div class='avia_textblock  av_inherit_color '  style='color:#000000; '  itemprop=\"text\" ><h3 style=\"text-align: center; color: black; font-weight: normal; font-size: 23px; --darkreader-inline-color: #e8e6e3;\" data-darkreader-inline-color=\"\">Pla de Mercapalma<\/h3>\n<p style=\"margin-bottom: -8px;\"><img loading=\"lazy\" decoding=\"async\" class=\"wp-image-8798 aligncenter\" src=\"https:\/\/mercapalma.net\/wp-content\/uploads\/Plano-02.png\" alt=\"\" width=\"62\" height=\"60\" \/><\/p>\n<p style=\"text-align: center; color: #43ac45; --darkreader-inline-color: #86d088;\" data-darkreader-inline-color=\"\"><a style=\"text-decoration: none;\" href=\"https:\/\/mercapalma.net\/contacto-2\/planos-de-mercapalma\/\"><strong style=\"font-size: 16px;\">Accedir &gt;<\/strong><\/a><\/p>\n<\/div><\/section><\/div><div class='av-flex-placeholder'><\/div><div class=\"flex_column av_one_fifth  flex_column_table_cell av-equal-height-column av-align-top av-zero-column-padding   avia-builder-el-10  el_after_av_one_fifth  el_before_av_one_fifth  \" style='border-radius:0px; '><section class=\"av_textblock_section \"  itemscope=\"itemscope\" itemtype=\"https:\/\/schema.org\/CreativeWork\" ><div class='avia_textblock  av_inherit_color '  style='color:#0c0c0c; '  itemprop=\"text\" ><h3 style=\"text-align: center; color: black; font-weight: normal; font-size: 23px; --darkreader-inline-color: #e8e6e3;\" data-darkreader-inline-color=\"\">Butlletins d&#8217;estad\u00edstica<\/h3>\n<p><img loading=\"lazy\" decoding=\"async\" class=\"wp-image-8796 aligncenter\" src=\"https:\/\/mercapalma.net\/wp-content\/uploads\/Estadisticas-02.png\" alt=\"\" width=\"58\" height=\"55\" \/><\/p>\n<p style=\"text-align: center; color: #43ac45; --darkreader-inline-color: #86d088;\" data-darkreader-inline-color=\"\"><a style=\"text-decoration: none;\" href=\"https:\/\/mercapalma.net\/sidebar\/boletines-de-estadistica\/\"><strong style=\"font-size: 16px;\">Accedir &gt;<\/strong><\/a><\/p>\n<\/div><\/section><\/div><div class='av-flex-placeholder'><\/div><div class=\"flex_column av_one_fifth  flex_column_table_cell av-equal-height-column av-align-top av-zero-column-padding   avia-builder-el-12  el_after_av_one_fifth  el_before_av_one_fifth  \" style='border-radius:0px; '><section class=\"av_textblock_section \"  itemscope=\"itemscope\" itemtype=\"https:\/\/schema.org\/CreativeWork\" ><div class='avia_textblock  av_inherit_color '  style='color:#000000; '  itemprop=\"text\" ><h3 style=\"text-align: center; color: black; font-weight: normal; font-size: 23px; --darkreader-inline-color: #e8e6e3;\" data-darkreader-inline-color=\"\">An\u00e0lisi d&#8217;aigua<\/h3>\n<p style=\"text-align: center; margin-top: 43px; margin-bottom: 25px;\"><img loading=\"lazy\" decoding=\"async\" class=\"alignnone wp-image-8795\" src=\"https:\/\/mercapalma.net\/wp-content\/uploads\/Analisis-agua-02.png\" alt=\"\" width=\"111\" height=\"45\" \/><\/p>\n<p style=\"text-align: center; color: #43ac45; --darkreader-inline-color: #86d088;\" data-darkreader-inline-color=\"\"><a style=\"text-decoration: none;\" href=\"https:\/\/mercapalma.net\/sidebar\/analisis-de-agua\/\"><strong style=\"font-size: 16px;\">Accedir &gt;<\/strong><\/a><\/p>\n<\/div><\/section><\/div><div class='av-flex-placeholder'><\/div><div class=\"flex_column av_one_fifth  flex_column_table_cell av-equal-height-column av-align-top av-zero-column-padding   avia-builder-el-14  el_after_av_one_fifth  el_before_av_blog  \" style='border-radius:0px; '><section class=\"av_textblock_section \"  itemscope=\"itemscope\" itemtype=\"https:\/\/schema.org\/CreativeWork\" ><div class='avia_textblock  av_inherit_color '  style='color:#000000; '  itemprop=\"text\" ><h3 style=\"text-align: center; color: black; font-weight: normal; font-size: 23px; --darkreader-inline-color: #e8e6e3;\" data-darkreader-inline-color=\"\">Abonaments<\/h3>\n<p style=\"text-align: center; margin-top: 40px; margin-bottom: 13px;\"><img loading=\"lazy\" decoding=\"async\" class=\"alignnone wp-image-8794\" src=\"https:\/\/mercapalma.net\/wp-content\/uploads\/Abonos-02.png\" alt=\"\" width=\"69\" height=\"58\" \/><\/p>\n<p style=\"text-align: center; color: #43ac45; --darkreader-inline-color: #86d088;\" data-darkreader-inline-color=\"\"><strong><a style=\"text-decoration: none;\" href=\"https:\/\/portalcliente.mercapalma.es\/Account\/Login\"><strong style=\"font-size: 16px;\">Accedir &gt;<\/strong><\/a><\/strong><\/p>\n<\/div><\/section><\/div><\/div><!--close column table wrapper. Autoclose: 1 --><div   data-autoplay=''  data-interval='5'  data-animation='fade'  data-show_slide_delay='90'  class='avia-content-slider avia-content-grid-active avia-content-slider1 avia-content-slider-odd  avia-builder-el-16  el_after_av_one_fifth  avia-builder-el-last  '  itemscope=\"itemscope\" itemtype=\"https:\/\/schema.org\/Blog\" ><div class='avia-content-slider-inner'><div class='slide-entry-wrap'><article class='slide-entry flex_column  post-entry post-entry-22772 slide-entry-overview slide-loop-1 slide-parity-odd  av_one_third first real-thumbnail post-format-standard'  itemscope=\"itemscope\" itemtype=\"https:\/\/schema.org\/CreativeWork\" ><a href='https:\/\/mercapalma.net\/ca\/mercapalma-vol-consolidar-el-seu-lideratge-alimentari-en-horeca-balears\/' data-rel='slide-1' class='slide-image' title='Mercapalma vol consolidar el seu lideratge alimentari en Horeca Balears'><img decoding=\"async\" width=\"495\" height=\"400\" src=\"https:\/\/mercapalma.net\/wp-content\/uploads\/WhatsApp-Image-2026-03-06-at-09.36.56-495x400.jpeg\" class=\"wp-image-22771 avia-img-lazy-loading-not-22771 attachment-portfolio size-portfolio wp-post-image\" alt=\"\" srcset=\"https:\/\/mercapalma.net\/wp-content\/uploads\/WhatsApp-Image-2026-03-06-at-09.36.56-495x400.jpeg 495w, https:\/\/mercapalma.net\/wp-content\/uploads\/WhatsApp-Image-2026-03-06-at-09.36.56-845x684.jpeg 845w\" sizes=\"(max-width: 495px) 100vw, 495px\" \/><\/a><div class='slide-content'><header class=\"entry-content-header\"><h3 class='slide-entry-title entry-title '  itemprop=\"headline\" ><a href='https:\/\/mercapalma.net\/ca\/mercapalma-vol-consolidar-el-seu-lideratge-alimentari-en-horeca-balears\/' title='Mercapalma vol consolidar el seu lideratge alimentari en Horeca Balears'>Mercapalma vol consolidar el seu lideratge alimentari en Horeca Balears<\/a><\/h3><span class=\"av-vertical-delimiter\"><\/span><\/header><\/div><footer class=\"entry-footer\"><\/footer><span class='hidden'>\n\t\t\t\t<span class='av-structured-data'  itemprop=\"image\" itemscope=\"itemscope\" itemtype=\"https:\/\/schema.org\/ImageObject\" >\n\t\t\t\t\t\t<span itemprop='url'>https:\/\/mercapalma.net\/wp-content\/uploads\/WhatsApp-Image-2026-03-06-at-09.36.56.jpeg<\/span>\n\t\t\t\t\t\t<span itemprop='height'>1200<\/span>\n\t\t\t\t\t\t<span itemprop='width'>1600<\/span>\n\t\t\t\t<\/span>\n\t\t\t\t<span class='av-structured-data'  itemprop=\"publisher\" itemtype=\"https:\/\/schema.org\/Organization\" itemscope=\"itemscope\" >\n\t\t\t\t\t\t<span itemprop='name'>Pablo Ruiz<\/span>\n\t\t\t\t\t\t<span itemprop='logo' itemscope itemtype='https:\/\/schema.org\/ImageObject'>\n\t\t\t\t\t\t\t<span itemprop='url'>https:\/\/mercapalma.net\/wp-content\/uploads\/Logo-Mercapalma_300-01-1030x164.png<\/span>\n\t\t\t\t\t\t <\/span>\n\t\t\t\t<\/span><span class='av-structured-data'  itemprop=\"author\" itemscope=\"itemscope\" itemtype=\"https:\/\/schema.org\/Person\" ><span itemprop='name'>Pablo Ruiz<\/span><\/span><span class='av-structured-data'  itemprop=\"datePublished\" datetime=\"2021-02-13T12:21:03+01:00\" >2026-04-14 09:28:54<\/span><span class='av-structured-data'  itemprop=\"dateModified\" itemtype=\"https:\/\/schema.org\/dateModified\" >2026-04-14 09:30:36<\/span><span class='av-structured-data'  itemprop=\"mainEntityOfPage\" itemtype=\"https:\/\/schema.org\/mainEntityOfPage\" ><span itemprop='name'>Mercapalma vol consolidar el seu lideratge alimentari en Horeca Balears<\/span><\/span><\/span><\/article><article class='slide-entry flex_column  post-entry post-entry-22598 slide-entry-overview slide-loop-2 slide-parity-even  av_one_third  real-thumbnail post-format-standard'  itemscope=\"itemscope\" itemtype=\"https:\/\/schema.org\/CreativeWork\" ><a href='https:\/\/mercapalma.net\/ca\/mercapalma-premia-la-participacio-a-lenquesta-de-satisfaccio-amb-el-sorteig-de-dues-cistelles-de-nadal\/' data-rel='slide-1' class='slide-image' title='Mercapalma premia la participaci\u00f3 a l&#8217;enquesta de satisfacci\u00f3 amb el sorteig de dues cistelles de Nadal'><img decoding=\"async\" width=\"495\" height=\"400\" src=\"https:\/\/mercapalma.net\/wp-content\/uploads\/IMG_0686-495x400.jpg\" class=\"wp-image-22595 avia-img-lazy-loading-not-22595 attachment-portfolio size-portfolio wp-post-image\" alt=\"\" srcset=\"https:\/\/mercapalma.net\/wp-content\/uploads\/IMG_0686-495x400.jpg 495w, https:\/\/mercapalma.net\/wp-content\/uploads\/IMG_0686-845x684.jpg 845w\" sizes=\"(max-width: 495px) 100vw, 495px\" \/><\/a><div class='slide-content'><header class=\"entry-content-header\"><h3 class='slide-entry-title entry-title '  itemprop=\"headline\" ><a href='https:\/\/mercapalma.net\/ca\/mercapalma-premia-la-participacio-a-lenquesta-de-satisfaccio-amb-el-sorteig-de-dues-cistelles-de-nadal\/' title='Mercapalma premia la participaci\u00f3 a l&#8217;enquesta de satisfacci\u00f3 amb el sorteig de dues cistelles de Nadal'>Mercapalma premia la participaci\u00f3 a l&#8217;enquesta de satisfacci\u00f3 amb el sorteig de dues cistelles de Nadal<\/a><\/h3><span class=\"av-vertical-delimiter\"><\/span><\/header><\/div><footer class=\"entry-footer\"><\/footer><span class='hidden'>\n\t\t\t\t<span class='av-structured-data'  itemprop=\"image\" itemscope=\"itemscope\" itemtype=\"https:\/\/schema.org\/ImageObject\" >\n\t\t\t\t\t\t<span itemprop='url'>https:\/\/mercapalma.net\/wp-content\/uploads\/IMG_0686-scaled.jpg<\/span>\n\t\t\t\t\t\t<span itemprop='height'>1920<\/span>\n\t\t\t\t\t\t<span itemprop='width'>2560<\/span>\n\t\t\t\t<\/span>\n\t\t\t\t<span class='av-structured-data'  itemprop=\"publisher\" itemtype=\"https:\/\/schema.org\/Organization\" itemscope=\"itemscope\" >\n\t\t\t\t\t\t<span itemprop='name'>Pablo Ruiz<\/span>\n\t\t\t\t\t\t<span itemprop='logo' itemscope itemtype='https:\/\/schema.org\/ImageObject'>\n\t\t\t\t\t\t\t<span itemprop='url'>https:\/\/mercapalma.net\/wp-content\/uploads\/Logo-Mercapalma_300-01-1030x164.png<\/span>\n\t\t\t\t\t\t <\/span>\n\t\t\t\t<\/span><span class='av-structured-data'  itemprop=\"author\" itemscope=\"itemscope\" itemtype=\"https:\/\/schema.org\/Person\" ><span itemprop='name'>Pablo Ruiz<\/span><\/span><span class='av-structured-data'  itemprop=\"datePublished\" datetime=\"2021-02-13T12:21:03+01:00\" >2025-12-22 13:06:42<\/span><span class='av-structured-data'  itemprop=\"dateModified\" itemtype=\"https:\/\/schema.org\/dateModified\" >2025-12-22 13:06:42<\/span><span class='av-structured-data'  itemprop=\"mainEntityOfPage\" itemtype=\"https:\/\/schema.org\/mainEntityOfPage\" ><span itemprop='name'>Mercapalma premia la participaci\u00f3 a l&#8217;enquesta de satisfacci\u00f3 amb el sorteig de dues cistelles de Nadal<\/span><\/span><\/span><\/article><article class='slide-entry flex_column  post-entry post-entry-22562 slide-entry-overview slide-loop-3 slide-parity-odd  post-entry-last  av_one_third  real-thumbnail post-format-standard'  itemscope=\"itemscope\" itemtype=\"https:\/\/schema.org\/CreativeWork\" ><a href='https:\/\/mercapalma.net\/ca\/mercapalma-se-suma-a-la-vii-marxa-per-la-igualtat-amb-fruita-fresca-per-a-un-berenar-saludable\/' data-rel='slide-1' class='slide-image' title='Mercapalma se suma a la VII Marxa per la Igualtat amb fruita fresca per a un berenar saludable'><img decoding=\"async\" width=\"495\" height=\"400\" src=\"https:\/\/mercapalma.net\/wp-content\/uploads\/Captura-de-pantalla-2025-11-25-a-las-12.38.32-495x400.png\" class=\"wp-image-22563 avia-img-lazy-loading-not-22563 attachment-portfolio size-portfolio wp-post-image\" alt=\"\" \/><\/a><div class='slide-content'><header class=\"entry-content-header\"><h3 class='slide-entry-title entry-title '  itemprop=\"headline\" ><a href='https:\/\/mercapalma.net\/ca\/mercapalma-se-suma-a-la-vii-marxa-per-la-igualtat-amb-fruita-fresca-per-a-un-berenar-saludable\/' title='Mercapalma se suma a la VII Marxa per la Igualtat amb fruita fresca per a un berenar saludable'>Mercapalma se suma a la VII Marxa per la Igualtat amb fruita fresca per a un berenar saludable<\/a><\/h3><span class=\"av-vertical-delimiter\"><\/span><\/header><\/div><footer class=\"entry-footer\"><\/footer><span class='hidden'>\n\t\t\t\t<span class='av-structured-data'  itemprop=\"image\" itemscope=\"itemscope\" itemtype=\"https:\/\/schema.org\/ImageObject\" >\n\t\t\t\t\t\t<span itemprop='url'>https:\/\/mercapalma.net\/wp-content\/uploads\/Captura-de-pantalla-2025-11-25-a-las-12.38.32.png<\/span>\n\t\t\t\t\t\t<span itemprop='height'>674<\/span>\n\t\t\t\t\t\t<span itemprop='width'>1088<\/span>\n\t\t\t\t<\/span>\n\t\t\t\t<span class='av-structured-data'  itemprop=\"publisher\" itemtype=\"https:\/\/schema.org\/Organization\" itemscope=\"itemscope\" >\n\t\t\t\t\t\t<span itemprop='name'>Pablo Ruiz<\/span>\n\t\t\t\t\t\t<span itemprop='logo' itemscope itemtype='https:\/\/schema.org\/ImageObject'>\n\t\t\t\t\t\t\t<span itemprop='url'>https:\/\/mercapalma.net\/wp-content\/uploads\/Logo-Mercapalma_300-01-1030x164.png<\/span>\n\t\t\t\t\t\t <\/span>\n\t\t\t\t<\/span><span class='av-structured-data'  itemprop=\"author\" itemscope=\"itemscope\" itemtype=\"https:\/\/schema.org\/Person\" ><span itemprop='name'>Pablo Ruiz<\/span><\/span><span class='av-structured-data'  itemprop=\"datePublished\" datetime=\"2021-02-13T12:21:03+01:00\" >2025-11-25 12:42:09<\/span><span class='av-structured-data'  itemprop=\"dateModified\" itemtype=\"https:\/\/schema.org\/dateModified\" >2025-11-25 12:42:09<\/span><span class='av-structured-data'  itemprop=\"mainEntityOfPage\" itemtype=\"https:\/\/schema.org\/mainEntityOfPage\" ><span itemprop='name'>Mercapalma se suma a la VII Marxa per la Igualtat amb fruita fresca per a un berenar saludable<\/span><\/span><\/span><\/article><\/div><\/div><\/div>\n<\/div><\/div><\/div><!-- close content main div --><\/div><\/div><div id='av_section_3'  class='avia-section main_color avia-section-default avia-no-border-styling  avia-bg-style-scroll  avia-builder-el-17  el_after_av_section  el_before_av_section   container_wrap sidebar_right' style=' '  ><div class='container' ><div class='template-page content  av-content-small alpha units'><div class='post-entry post-entry-type-page post-entry-17100'><div class='entry-content-wrapper clearfix'>\n<div  style='height:50px' class='hr hr-invisible   avia-builder-el-18  el_before_av_one_full  avia-builder-el-first '><span class='hr-inner ' ><span class='hr-inner-style'><\/span><\/span><\/div>\n<div class=\"flex_column av_one_full  flex_column_div av-zero-column-padding first  avia-builder-el-19  el_after_av_hr  el_before_av_textblock  \" style='border-radius:0px; '><section class=\"av_textblock_section \"  itemscope=\"itemscope\" itemtype=\"https:\/\/schema.org\/CreativeWork\" ><div class='avia_textblock  '   itemprop=\"text\" ><h2 class=\"hometitle\" style=\"text-align: center;\">Benvingut a Mercapalma<\/h2>\n<\/div><\/section><\/div><section class=\"av_textblock_section \"  itemscope=\"itemscope\" itemtype=\"https:\/\/schema.org\/CreativeWork\" ><div class='avia_textblock  av_inherit_color '  style='font-size:18px; color:#0c0101; '  itemprop=\"text\" ><p style=\"text-align: center; font-size: 24px;\">El major centre log\u00edstic i de comercialitzaci\u00f3 agroaliment\u00e0ria de les Illes Balears<\/p>\n<\/div><\/section>\n<section class=\"av_textblock_section \"  itemscope=\"itemscope\" itemtype=\"https:\/\/schema.org\/CreativeWork\" ><div class='avia_textblock  '   itemprop=\"text\" ><p style=\"text-align: center;\"><iframe loading=\"lazy\" src=\"https:\/\/www.youtube.com\/embed\/k8On1pAU0AE\" width=\"925\" height=\"520\" frameborder=\"0\" allowfullscreen=\"allowfullscreen\"><\/iframe><\/p>\n<\/div><\/section>\n<\/p>\n<\/div><\/div><\/div><!-- close content main div --><\/div><\/div><div id='linksections'  class='avia-section main_color avia-section-large avia-no-border-styling  avia-bg-style-scroll  avia-builder-el-23  el_after_av_section  el_before_av_section   container_wrap sidebar_right' style=' '  ><div class='container' ><div class='template-page content  av-content-small alpha units'><div class='post-entry post-entry-type-page post-entry-17100'><div class='entry-content-wrapper clearfix'>\n<div  style='height:50px' class='hr hr-invisible   avia-builder-el-24  el_before_av_textblock  avia-builder-el-first '><span class='hr-inner ' ><span class='hr-inner-style'><\/span><\/span><\/div>\n<section class=\"av_textblock_section \"  itemscope=\"itemscope\" itemtype=\"https:\/\/schema.org\/CreativeWork\" ><div class='avia_textblock  av_inherit_color '  style='font-size:16px; color:#0c0101; '  itemprop=\"text\" ><h2 class=\"hometitle\" style=\"text-align: center;\">Sectors d&#8217;Activitat<\/h2>\n<p style=\"text-align: center; font-size: 24px;\">Empreses distribu\u00efdes en diferentes \u00e0rees.<\/p>\n<p style=\"text-align: center; font-size: 24px;\">Clica en cada apartat per saber m\u00e9s.<\/p>\n<\/div><\/section>\n<div class='flex_column_table av-equal-height-column-flextable -flextable' ><div class=\"flex_column av_one_third  no_margin flex_column_table_cell av-equal-height-column av-align-top first  avia-builder-el-26  el_after_av_textblock  el_before_av_one_third  column-top-margin\" style='padding:0px 5px 5px 0px ; border-radius:0px; '><div  class='avia-image-container  av-styling- av-hover-grow noHover  av-overlay-hover-deactivate   avia-builder-el-27  avia-builder-el-no-sibling  avia-align-center '  itemprop=\"image\" itemscope=\"itemscope\" itemtype=\"https:\/\/schema.org\/ImageObject\"  ><div class='avia-image-container-inner'><div class='avia-image-overlay-wrap'><a href='https:\/\/mercapalma.net\/ca\/frutas-y-hortalizas\/' class='avia_image'  ><div class='av-image-caption-overlay'><div class='av-caption-image-overlay-bg' style='opacity:0.1; background-color:#000000; '><\/div><div class='av-image-caption-overlay-position'><div class='av-image-caption-overlay-center' style='color:#ffffff; font-size:20px; '><p>Fruites i hortalisses<\/p>\n<\/div><\/div><\/div><img decoding=\"async\" width=\"527\" height=\"318\" class='wp-image-14322 avia-img-lazy-loading-not-14322 avia_image' src=\"https:\/\/mercapalma.net\/wp-content\/uploads\/1903-Frutas_527x318-2.jpg\" alt='' title='1903-Frutas_527x318'  itemprop=\"thumbnailUrl\" srcset=\"https:\/\/mercapalma.net\/wp-content\/uploads\/1903-Frutas_527x318-2.jpg 527w, https:\/\/mercapalma.net\/wp-content\/uploads\/1903-Frutas_527x318-2-300x181.jpg 300w\" sizes=\"(max-width: 527px) 100vw, 527px\" \/><\/a><\/div><\/div><\/div><\/div><div class=\"flex_column av_one_third  no_margin flex_column_table_cell av-equal-height-column av-align-top   avia-builder-el-28  el_after_av_one_third  el_before_av_one_third  column-top-margin\" style='padding:0px 5px 5px 0px ; border-radius:0px; '><div  class='avia-image-container  av-styling- av-hover-grow noHover  av-overlay-hover-deactivate   avia-builder-el-29  avia-builder-el-no-sibling  avia-align-center '  itemprop=\"image\" itemscope=\"itemscope\" itemtype=\"https:\/\/schema.org\/ImageObject\"  ><div class='avia-image-container-inner'><div class='avia-image-overlay-wrap'><a href='https:\/\/mercapalma.net\/ca\/pescados-y-mariscos\/' class='avia_image'  ><div class='av-image-caption-overlay'><div class='av-caption-image-overlay-bg' style='opacity:0.1; background-color:#000000; '><\/div><div class='av-image-caption-overlay-position'><div class='av-image-caption-overlay-center' style='color:#ffffff; font-size:20px; '><p>Peix i marisc<\/p>\n<\/div><\/div><\/div><img decoding=\"async\" width=\"527\" height=\"318\" class='wp-image-12252 avia-img-lazy-loading-not-12252 avia_image' src=\"https:\/\/mercapalma.net\/wp-content\/uploads\/1903-Pescado_527x318.jpg\" alt='' title='1903-Pescado_527x318'  itemprop=\"thumbnailUrl\" srcset=\"https:\/\/mercapalma.net\/wp-content\/uploads\/1903-Pescado_527x318.jpg 527w, https:\/\/mercapalma.net\/wp-content\/uploads\/1903-Pescado_527x318-300x181.jpg 300w\" sizes=\"(max-width: 527px) 100vw, 527px\" \/><\/a><\/div><\/div><\/div><\/div><div class=\"flex_column av_one_third  no_margin flex_column_table_cell av-equal-height-column av-align-top   avia-builder-el-30  el_after_av_one_third  el_before_av_one_third  column-top-margin\" style='padding:0px 5px 5px 0px ; border-radius:0px; '><div  class='avia-image-container  av-styling- av-hover-grow noHover  av-overlay-hover-deactivate   avia-builder-el-31  avia-builder-el-no-sibling  avia-align-center '  itemprop=\"image\" itemscope=\"itemscope\" itemtype=\"https:\/\/schema.org\/ImageObject\"  ><div class='avia-image-container-inner'><div class='avia-image-overlay-wrap'><a href='https:\/\/mercapalma.net\/ca\/carnes\/' class='avia_image'  ><div class='av-image-caption-overlay'><div class='av-caption-image-overlay-bg' style='opacity:0.1; background-color:#000000; '><\/div><div class='av-image-caption-overlay-position'><div class='av-image-caption-overlay-center' style='color:#ffffff; font-size:20px; '><p>Carns<\/p>\n<\/div><\/div><\/div><img decoding=\"async\" width=\"527\" height=\"318\" class='wp-image-12278 avia-img-lazy-loading-not-12278 avia_image' src=\"https:\/\/mercapalma.net\/wp-content\/uploads\/1903-Carne_527x318-1-1.jpg\" alt='' title='1903-Carne_527x318-1'  itemprop=\"thumbnailUrl\" srcset=\"https:\/\/mercapalma.net\/wp-content\/uploads\/1903-Carne_527x318-1-1.jpg 527w, https:\/\/mercapalma.net\/wp-content\/uploads\/1903-Carne_527x318-1-1-300x181.jpg 300w\" sizes=\"(max-width: 527px) 100vw, 527px\" \/><\/a><\/div><\/div><\/div><\/div><\/div><!--close column table wrapper. Autoclose: 1 --><div class=\"flex_column av_one_third  no_margin flex_column_div first  avia-builder-el-32  el_after_av_one_third  el_before_av_one_third  column-top-margin\" style='padding:0px 5px 5px 0px ; border-radius:0px; '><div  class='avia-image-container  av-styling- av-hover-grow noHover  av-overlay-hover-deactivate   avia-builder-el-33  avia-builder-el-no-sibling  avia-align-center '  itemprop=\"image\" itemscope=\"itemscope\" itemtype=\"https:\/\/schema.org\/ImageObject\"  ><div class='avia-image-container-inner'><div class='avia-image-overlay-wrap'><a href='https:\/\/mercapalma.net\/ca\/logistica\/' class='avia_image'  ><div class='av-image-caption-overlay'><div class='av-caption-image-overlay-bg' style='opacity:0.1; background-color:#000000; '><\/div><div class='av-image-caption-overlay-position'><div class='av-image-caption-overlay-center' style='color:#ffffff; font-size:20px; '><p>Log\u00edstica<\/p>\n<\/div><\/div><\/div><img decoding=\"async\" width=\"527\" height=\"318\" class='wp-image-14326 avia-img-lazy-loading-not-14326 avia_image' src=\"https:\/\/mercapalma.net\/wp-content\/uploads\/1903-Logistica_527x318-2.jpg\" alt='' title='1903-Logistica_527x318'  itemprop=\"thumbnailUrl\" srcset=\"https:\/\/mercapalma.net\/wp-content\/uploads\/1903-Logistica_527x318-2.jpg 527w, https:\/\/mercapalma.net\/wp-content\/uploads\/1903-Logistica_527x318-2-300x181.jpg 300w\" sizes=\"(max-width: 527px) 100vw, 527px\" \/><\/a><\/div><\/div><\/div><\/div><div class=\"flex_column av_one_third  no_margin flex_column_div   avia-builder-el-34  el_after_av_one_third  el_before_av_one_third  column-top-margin\" style='padding:0px 5px 5px 0px ; border-radius:0px; '><div  class='avia-image-container  av-styling- av-hover-grow noHover  av-overlay-hover-deactivate   avia-builder-el-35  avia-builder-el-no-sibling  avia-align-center '  itemprop=\"image\" itemscope=\"itemscope\" itemtype=\"https:\/\/schema.org\/ImageObject\"  ><div class='avia-image-container-inner'><div class='avia-image-overlay-wrap'><a href='https:\/\/mercapalma.net\/ca\/servicios-3\/' class='avia_image'  ><div class='av-image-caption-overlay'><div class='av-caption-image-overlay-bg' style='opacity:0.1; background-color:#000000; '><\/div><div class='av-image-caption-overlay-position'><div class='av-image-caption-overlay-center' style='color:#ffffff; font-size:20px; '><p>Serveis<\/p>\n<\/div><\/div><\/div><img decoding=\"async\" width=\"527\" height=\"318\" class='wp-image-12254 avia-img-lazy-loading-not-12254 avia_image' src=\"https:\/\/mercapalma.net\/wp-content\/uploads\/1903-Servicios_527x318.jpg\" alt='' title='1903-Servicios_527x318'  itemprop=\"thumbnailUrl\" srcset=\"https:\/\/mercapalma.net\/wp-content\/uploads\/1903-Servicios_527x318.jpg 527w, https:\/\/mercapalma.net\/wp-content\/uploads\/1903-Servicios_527x318-300x181.jpg 300w\" sizes=\"(max-width: 527px) 100vw, 527px\" \/><\/a><\/div><\/div><\/div><\/div><div class=\"flex_column av_one_third  no_margin flex_column_div   avia-builder-el-36  el_after_av_one_third  el_before_av_hr  column-top-margin\" style='padding:0px 5px 5px 0px ; border-radius:0px; '><div  class='avia-image-container  av-styling- av-hover-grow noHover  av-overlay-hover-deactivate   avia-builder-el-37  avia-builder-el-no-sibling  avia-align-center '  itemprop=\"image\" itemscope=\"itemscope\" itemtype=\"https:\/\/schema.org\/ImageObject\"  ><div class='avia-image-container-inner'><div class='avia-image-overlay-wrap'><a href='https:\/\/mercapalma.net\/ca\/otras-actividades\/' class='avia_image'  ><div class='av-image-caption-overlay'><div class='av-caption-image-overlay-bg' style='opacity:0.1; background-color:#000000; '><\/div><div class='av-image-caption-overlay-position'><div class='av-image-caption-overlay-center' style='color:#ffffff; font-size:20px; '><p>Altres activitats<\/p>\n<\/div><\/div><\/div><img decoding=\"async\" width=\"527\" height=\"318\" class='wp-image-12250 avia-img-lazy-loading-not-12250 avia_image' src=\"https:\/\/mercapalma.net\/wp-content\/uploads\/1903-Otras-activ_527x318.jpg\" alt='' title='1903-Otras-activ_527x318'  itemprop=\"thumbnailUrl\" srcset=\"https:\/\/mercapalma.net\/wp-content\/uploads\/1903-Otras-activ_527x318.jpg 527w, https:\/\/mercapalma.net\/wp-content\/uploads\/1903-Otras-activ_527x318-300x181.jpg 300w\" sizes=\"(max-width: 527px) 100vw, 527px\" \/><\/a><\/div><\/div><\/div><\/div><div  style='height:50px' class='hr hr-invisible   avia-builder-el-38  el_after_av_one_third  avia-builder-el-last '><span class='hr-inner ' ><span class='hr-inner-style'><\/span><\/span><\/div>\n\n<\/div><\/div><\/div><!-- close content main div --><\/div><\/div><div id='av_section_5'  class='avia-section main_color avia-section-default avia-no-border-styling  avia-bg-style-scroll  avia-builder-el-39  el_after_av_section  el_before_av_section   container_wrap sidebar_right' style=' '  ><div class='container' ><div class='template-page content  av-content-small alpha units'><div class='post-entry post-entry-type-page post-entry-17100'><div class='entry-content-wrapper clearfix'>\n<div class=\"flex_column av_one_full  flex_column_div first  avia-builder-el-40  avia-builder-el-no-sibling  \" style='padding:0px 0px 0px 0px ; border-radius:0px; '><p><div  style='height:50px' class='hr hr-invisible   avia-builder-el-41  el_before_av_textblock  avia-builder-el-first '><span class='hr-inner ' ><span class='hr-inner-style'><\/span><\/span><\/div><br \/>\n<section class=\"av_textblock_section \"  itemscope=\"itemscope\" itemtype=\"https:\/\/schema.org\/CreativeWork\" ><div class='avia_textblock  av_inherit_color '  style='font-size:16px; color:#0c0101; '  itemprop=\"text\" ><h2 class=\"hometitle\" style=\"text-align: center;\">Treballem dia a dia per a<br \/>\nfer-ho cada vegada millor<\/h2>\n<\/div><\/section><br \/>\n<div  style='height:50px' class='hr hr-invisible   avia-builder-el-43  el_after_av_textblock  el_before_av_textblock '><span class='hr-inner ' ><span class='hr-inner-style'><\/span><\/span><\/div><br \/>\n<section class=\"av_textblock_section \"  itemscope=\"itemscope\" itemtype=\"https:\/\/schema.org\/CreativeWork\" ><div class='avia_textblock  av_inherit_color '  style='font-size:16px; color:#0c0101; '  itemprop=\"text\" ><header class=\"entry-content-header\">\n<h4 class=\"iconlist_title\" style=\"font-size: 26px;\"><img loading=\"lazy\" decoding=\"async\" class=\"size-full wp-image-8943 alignleft\" style=\"margin-right: 5%;\" src=\"https:\/\/mercapalma.net\/wp-content\/uploads\/Mejora-continua-04.png\" alt=\"mejora\" width=\"64\" height=\"125\" \/>Millora cont\u00ednua<\/h4>\n<\/header>\n<div class=\"iconlist_content av_inherit_color\">Intentem d\u00f3na o pas m\u00e9s i busquem l&#8217;excel\u00b7l\u00e8ncia a trav\u00e9s<br \/>\nde la creativitat i la innovaci\u00f3, satisfent les necessitats<br \/>\ndels nostres clients, persones que integren l&#8217;empresa,<br \/>\naccionistes i la societat en general.<\/div>\n<\/div><\/section><br \/>\n<div  style='height:50px' class='hr hr-invisible   avia-builder-el-45  el_after_av_textblock  el_before_av_textblock '><span class='hr-inner ' ><span class='hr-inner-style'><\/span><\/span><\/div><br \/>\n<section class=\"av_textblock_section \"  itemscope=\"itemscope\" itemtype=\"https:\/\/schema.org\/CreativeWork\" ><div class='avia_textblock  av_inherit_color '  style='font-size:16px; color:#0c0101; '  itemprop=\"text\" ><header class=\"entry-content-header\">\n<h4 class=\"iconlist_title\" style=\"text-align: right; padding-left: 30px; font-size: 26px;\">Parc verd<img loading=\"lazy\" decoding=\"async\" class=\"size-full wp-image-8944 alignright\" style=\"margin-left: 5%;\" src=\"https:\/\/mercapalma.net\/wp-content\/uploads\/Parque-verde-04.png\" alt=\"parque\" width=\"87\" height=\"125\" \/><\/h4>\n<div class=\"iconlist_content av_inherit_color\">\n<p style=\"text-align: right;\">La gesti\u00f3 del parc verd permet la separaci\u00f3 dels residus<br \/>\nper al seu posterior reciclatge de les diferents fraccions amb la finalitat<br \/>\nde reduir el volum dels residus a incinerar, objectiu que es<br \/>\nve aconseguint des de la implantaci\u00f3 del sistema.<\/p>\n<\/div>\n<\/header>\n<\/div><\/section><br \/>\n<div  style='height:50px' class='hr hr-invisible   avia-builder-el-47  el_after_av_textblock  el_before_av_textblock '><span class='hr-inner ' ><span class='hr-inner-style'><\/span><\/span><\/div><br \/>\n<section class=\"av_textblock_section \"  itemscope=\"itemscope\" itemtype=\"https:\/\/schema.org\/CreativeWork\" ><div class='avia_textblock  av_inherit_color '  style='font-size:16px; color:#0c0101; '  itemprop=\"text\" ><header class=\"entry-content-header\">\n<h4 class=\"iconlist_title\" style=\"font-size: 26px;\"><img loading=\"lazy\" decoding=\"async\" class=\"size-full wp-image-8945 alignleft\" style=\"margin-right: 5%;\" src=\"https:\/\/mercapalma.net\/wp-content\/uploads\/Seguridad-alimentaria-04.png\" alt=\"seguridad\" width=\"72\" height=\"125\" \/>Seguretat aliment\u00e0ria<\/h4>\n<\/header>\n<div class=\"iconlist_content av_inherit_color\">Mitjan\u00e7ant un acord amb la Conselleria de\u00a0Sanidat, el\u00a0IDI\u00a0i la\u00a0Cambra<br \/>\nde\u00a0Comer\u00e7\u00a0s&#8217;ha impulsat un projecte d&#8217;implantaci\u00f3 dels<br \/>\nrequisits del llibre blau de seguretat aliment\u00e0ria en les empreses<br \/>\nsituades en la nostra unitat.<\/div>\n<\/div><\/section><br \/>\n<div  style='height:50px' class='hr hr-invisible   avia-builder-el-49  el_after_av_textblock  avia-builder-el-last '><span class='hr-inner ' ><span class='hr-inner-style'><\/span><\/span><\/div><\/p><\/div>\n\n<\/div><\/div><\/div><!-- close content main div --><\/div><\/div><div id='av_section_6'  class='avia-section main_color avia-section-default avia-no-border-styling  avia-bg-style-scroll  avia-builder-el-50  el_after_av_section  el_before_av_section   container_wrap sidebar_right' style=' '  ><div class='container' ><div class='template-page content  av-content-small alpha units'><div class='post-entry post-entry-type-page post-entry-17100'><div class='entry-content-wrapper clearfix'>\n<div class=\"flex_column av_one_full  flex_column_div av-zero-column-padding first  avia-builder-el-51  el_before_av_button  avia-builder-el-first  \" style='margin-top:22px; margin-bottom:0px; border-radius:0px; '><p><div  style='height:100px' class='hr hr-invisible   avia-builder-el-52  el_before_av_textblock  avia-builder-el-first '><span class='hr-inner ' ><span class='hr-inner-style'><\/span><\/span><\/div><br \/>\n<section class=\"av_textblock_section \"  itemscope=\"itemscope\" itemtype=\"https:\/\/schema.org\/CreativeWork\" ><div class='avia_textblock  '   itemprop=\"text\" ><h2 class=\"hometitle\" style=\"text-align: center;\">Not\u00edcies<\/h2>\n<\/div><\/section><br \/>\n<div  style='height:50px' class='hr hr-invisible   avia-builder-el-54  el_after_av_textblock  avia-builder-el-last '><span class='hr-inner ' ><span class='hr-inner-style'><\/span><\/span><\/div><\/p><\/div><div  class='avia-button-wrap avia-button-left  avia-builder-el-55  el_after_av_one_full  avia-builder-el-last ' ><a href='https:\/\/centinela.lefebvre.es\/public\/concept\/1746559?access=U24IjsoZHAMJ1dqVS9jXlsBkeKXp%2FCVywvRrj%2Bb2FDo%3D' class='avia-button  avia-font-color-theme-color  avia-icon_select-yes-left-icon avia-size-x-large avia-position-left ' target=\"_blank\" rel=\"noopener noreferrer\" style='background-color:#61aa52; border-color:#61aa52; '><span class='avia_button_icon avia_button_icon_left ' aria-hidden='true' data-av_icon='\ue82d' data-av_iconfont='entypo-fontello'><\/span><span class='avia_iconbox_title' >Canal de Den\u00fancies<\/span><span class='avia_button_background avia-button avia-color-custom' style='background-color:#61aa52;'><\/span><\/a><\/div>\n<\/div><\/div><\/div><!-- close content main div --><\/div><\/div><div id='tablemerc'  class='avia-section alternate_color avia-section-no-padding avia-no-shadow  avia-bg-style-scroll  avia-builder-el-56  el_after_av_section  avia-builder-el-last   container_wrap sidebar_right' style='background-color: #f2f2f2;  '  ><div class='container' ><div class='template-page content  av-content-small alpha units'><div class='post-entry post-entry-type-page post-entry-17100'><div class='entry-content-wrapper clearfix'>\n<div  style=' margin-top:30px; margin-bottom:30px;'  class='hr hr-custom hr-center hr-icon-yes   avia-builder-el-57  el_before_av_textblock  avia-builder-el-first '><span class='hr-inner  inner-border-av-border-thin' style=' width:200px; border-color:#43ac45; max-width:45%;' ><span class='hr-inner-style'><\/span><\/span><span class='av-seperator-icon'  aria-hidden='true' data-av_icon='\ue808' data-av_iconfont='entypo-fontello'><\/span><span class='hr-inner  inner-border-av-border-thin' style=' width:200px; border-color:#43ac45; max-width:45%;' ><span class='hr-inner-style'><\/span><\/span><\/div>\n<section class=\"av_textblock_section \"  itemscope=\"itemscope\" itemtype=\"https:\/\/schema.org\/CreativeWork\" ><div class='avia_textblock  '   itemprop=\"text\" ><h2 class=\"hometitle\" style=\"text-align: center;\"><span style=\"color: #339966;\">Altres mercats de prove\u00efment<\/span><\/h2>\n<\/div><\/section>\n<div  style='height:50px' class='hr hr-invisible   avia-builder-el-59  el_after_av_textblock  el_before_av_one_full '><span class='hr-inner ' ><span class='hr-inner-style'><\/span><\/span><\/div>\n<div class=\"flex_column av_one_full  flex_column_div av-zero-column-padding first  avia-builder-el-60  el_after_av_hr  avia-builder-el-last  \" style='border-radius:0px; '><section class=\"av_textblock_section \"  itemscope=\"itemscope\" itemtype=\"https:\/\/schema.org\/CreativeWork\" ><div class='avia_textblock  av_inherit_color '  style='font-size:14px; color:#8c8c8c; '  itemprop=\"text\" ><table id=\"otrosmerca\" style=\"height: 288px;\">\n<tbody>\n<tr style=\"height: 48px;\">\n<td style=\"height: 48px; width: 103.017px;\">Alacant<br \/>\n<a href=\"https:\/\/www.mercalicante.com\/\">Mercalicante<\/a><\/td>\n<td style=\"height: 48px; width: 116.017px;\">Algeciras<br \/>\n<a href=\"http:\/\/www.mercalgeciras.es\/\">Mercalgeciras<\/a><\/td>\n<td style=\"height: 48px; width: 119.017px;\">Asturias<br \/>\n<a href=\"http:\/\/www.mercasturias.com\/\">Mercasturias<\/a><\/td>\n<td style=\"height: 48px; width: 107.017px;\">Badajoz<br \/>\n<a href=\"http:\/\/www.mercabadajoz.es\/index2.html\">Mercabadajoz<\/a><\/td>\n<\/tr>\n<tr style=\"height: 48px;\">\n<td style=\"height: 48px; width: 103.017px;\">Barcelona<br \/>\n<a href=\"https:\/\/www.mercabarna.es\/\">Mercabarna<\/a><\/td>\n<td style=\"height: 48px; width: 116.017px;\">Bilbao<br \/>\n<a href=\"http:\/\/www.mercabilbao.eus\/\">Mercabilbao<\/a><\/td>\n<td style=\"height: 48px; width: 119.017px;\">C\u00f3rdoba<br \/>\n<a href=\"http:\/\/www.mercacordoba.es\/\">Mercacordoba<\/a><\/td>\n<td style=\"height: 48px; width: 107.017px;\">Galicia<br \/>\n<a href=\"https:\/\/mercagalicia.gal\/\">Mercagalicia<\/a><\/td>\n<\/tr>\n<tr style=\"height: 48px;\">\n<td style=\"height: 48px; width: 103.017px;\">Granada<br \/>\n<a href=\"http:\/\/mercagranada.es\/\">Mercagranada<\/a><\/td>\n<td style=\"height: 48px; width: 116.017px;\">Iru\u00f1a<br \/>\n<a href=\"https:\/\/www.mercairuna.es\/\">Mercairu\u00f1a<\/a><\/td>\n<td style=\"height: 48px; width: 119.017px;\">Jerez<br \/>\n<a href=\"http:\/\/www.mercajerez.com\/\">Mercajerez<\/a><\/td>\n<td style=\"height: 48px; width: 107.017px;\">Las Palmas<br \/>\n<a href=\"http:\/\/www.mercalaspalmas.es\/\">Mercalaspalmas<\/a><\/td>\n<\/tr>\n<tr style=\"height: 48px;\">\n<td style=\"height: 48px; width: 103.017px;\">Le\u00f3n<br \/>\n<a href=\"https:\/\/mercaleon.es\/\">Mercaleon<\/a><\/td>\n<td style=\"height: 48px; width: 116.017px;\">Madrid<br \/>\n<a href=\"http:\/\/www.mercamadrid.es\/\">Mercamadrid<\/a><\/td>\n<td style=\"height: 48px; width: 119.017px;\">Murcia<br \/>\n<a href=\"https:\/\/mercamurcia.es\/\">Mercamurcia<\/a><\/td>\n<td style=\"height: 48px; width: 107.017px;\">M\u00e1laga<br \/>\n<a href=\"http:\/\/www.mercamalaga.es\/\">Mercamalaga<\/a><\/td>\n<\/tr>\n<tr style=\"height: 48px;\">\n<td style=\"height: 48px; width: 103.017px;\">Salamanca<br \/>\n<a href=\"http:\/\/www.mercasalamanca.com\/\">Mercasalamanca<\/a><\/td>\n<td style=\"height: 48px; width: 116.017px;\">Santander<br \/>\n<a href=\"http:\/\/www.mercasantander.es\/\">Mercasantander<\/a><\/td>\n<td style=\"height: 48px; width: 119.017px;\">Sevilla<br \/>\n<a href=\"https:\/\/www.mercasevilla.com\/\">Mercasevilla<\/a><\/td>\n<td style=\"height: 48px; width: 107.017px;\">Tenerife<br \/>\n<a href=\"https:\/\/mercatenerife.com\/\">Mercatenerife<\/a><\/td>\n<\/tr>\n<tr style=\"height: 48px;\">\n<td style=\"height: 48px; width: 103.017px;\">Val\u00e8ncia<br \/>\n<a href=\"https:\/\/www.mercavalencia.es\/\">Mercavalencia<\/a><\/td>\n<td style=\"height: 48px; width: 116.017px;\">Zaragoza<br \/>\n<a href=\"http:\/\/www.mercazaragoza.es\/\">Mercazaragoza<\/a><\/td>\n<td style=\"height: 48px; width: 119.017px;\">Valladolid<br \/>\n<a href=\"https:\/\/www.mercaolid.es\/\">Mercaolid<\/a><\/td>\n<td style=\"height: 48px; width: 107.017px;\"><\/td>\n<\/tr>\n<\/tbody>\n<\/table>\n<\/div><\/section><\/div>\n<\/div><\/div><\/div><!-- close content main div --><\/div><\/div><div id='after_section_7'  class='main_color av_default_container_wrap container_wrap sidebar_right' style=' '  ><div class='container' ><div class='template-page content  av-content-small alpha units'><div class='post-entry post-entry-type-page post-entry-17100'><div class='entry-content-wrapper clearfix'><\/p>\n","protected":false},"excerpt":{"rendered":"<p>&#8230;<\/p>\n","protected":false},"author":1,"featured_media":0,"parent":0,"menu_order":0,"comment_status":"open","ping_status":"open","template":"","meta":{"footnotes":""},"class_list":["post-17100","page","type-page","status-publish","hentry"],"yoast_head":"<!-- This site is optimized with the Yoast SEO plugin v27.0 - https:\/\/yoast.com\/product\/yoast-seo-wordpress\/ -->\n<title>Inici - Mercapalma<\/title>\n<meta name=\"robots\" content=\"index, follow, max-snippet:-1, max-image-preview:large, max-video-preview:-1\" \/>\n<link rel=\"canonical\" href=\"https:\/\/mercapalma.net\/ca\/\" \/>\n<meta property=\"og:locale\" content=\"ca_ES\" \/>\n<meta property=\"og:type\" content=\"article\" \/>\n<meta property=\"og:title\" content=\"Inici - Mercapalma\" \/>\n<meta property=\"og:description\" content=\"...\" \/>\n<meta property=\"og:url\" content=\"https:\/\/mercapalma.net\/ca\/\" \/>\n<meta property=\"og:site_name\" content=\"Mercapalma\" \/>\n<meta property=\"article:publisher\" content=\"https:\/\/www.facebook.com\/mercapalma.sa\" \/>\n<meta property=\"article:modified_time\" content=\"2023-10-02T08:29:42+00:00\" \/>\n<meta property=\"og:image\" content=\"https:\/\/mercapalma.net\/wp-content\/uploads\/Horarios-02.png\" \/>\n<meta name=\"twitter:card\" content=\"summary_large_image\" \/>\n<meta name=\"twitter:label1\" content=\"Temps estimat de lectura\" \/>\n\t<meta name=\"twitter:data1\" content=\"9 minuts\" \/>\n<script type=\"application\/ld+json\" class=\"yoast-schema-graph\">{\"@context\":\"https:\/\/schema.org\",\"@graph\":[{\"@type\":\"WebPage\",\"@id\":\"https:\/\/mercapalma.net\/ca\/\",\"url\":\"https:\/\/mercapalma.net\/ca\/\",\"name\":\"Inici - Mercapalma\",\"isPartOf\":{\"@id\":\"https:\/\/mercapalma.net\/#website\"},\"primaryImageOfPage\":{\"@id\":\"https:\/\/mercapalma.net\/ca\/#primaryimage\"},\"image\":{\"@id\":\"https:\/\/mercapalma.net\/ca\/#primaryimage\"},\"thumbnailUrl\":\"https:\/\/mercapalma.net\/wp-content\/uploads\/Horarios-02.png\",\"datePublished\":\"2021-02-13T12:21:03+00:00\",\"dateModified\":\"2023-10-02T08:29:42+00:00\",\"breadcrumb\":{\"@id\":\"https:\/\/mercapalma.net\/ca\/#breadcrumb\"},\"inLanguage\":\"ca\",\"potentialAction\":[{\"@type\":\"ReadAction\",\"target\":[\"https:\/\/mercapalma.net\/ca\/\"]}]},{\"@type\":\"ImageObject\",\"inLanguage\":\"ca\",\"@id\":\"https:\/\/mercapalma.net\/ca\/#primaryimage\",\"url\":\"https:\/\/mercapalma.net\/wp-content\/uploads\/Horarios-02.png\",\"contentUrl\":\"https:\/\/mercapalma.net\/wp-content\/uploads\/Horarios-02.png\"},{\"@type\":\"BreadcrumbList\",\"@id\":\"https:\/\/mercapalma.net\/ca\/#breadcrumb\",\"itemListElement\":[{\"@type\":\"ListItem\",\"position\":1,\"name\":\"Portada\",\"item\":\"https:\/\/mercapalma.net\/ca\/\"},{\"@type\":\"ListItem\",\"position\":2,\"name\":\"Inici\"}]},{\"@type\":\"WebSite\",\"@id\":\"https:\/\/mercapalma.net\/#website\",\"url\":\"https:\/\/mercapalma.net\/\",\"name\":\"Mercapalma\",\"description\":\"Mercados centrales de abastecimientos de Mallorca\",\"publisher\":{\"@id\":\"https:\/\/mercapalma.net\/#organization\"},\"potentialAction\":[{\"@type\":\"SearchAction\",\"target\":{\"@type\":\"EntryPoint\",\"urlTemplate\":\"https:\/\/mercapalma.net\/?s={search_term_string}\"},\"query-input\":{\"@type\":\"PropertyValueSpecification\",\"valueRequired\":true,\"valueName\":\"search_term_string\"}}],\"inLanguage\":\"ca\"},{\"@type\":\"Organization\",\"@id\":\"https:\/\/mercapalma.net\/#organization\",\"name\":\"Mercapalma\",\"url\":\"https:\/\/mercapalma.net\/\",\"logo\":{\"@type\":\"ImageObject\",\"inLanguage\":\"ca\",\"@id\":\"https:\/\/mercapalma.net\/#\/schema\/logo\/image\/\",\"url\":\"https:\/\/mercapalma.net\/wp-content\/uploads\/mercapalma.jpeg\",\"contentUrl\":\"https:\/\/mercapalma.net\/wp-content\/uploads\/mercapalma.jpeg\",\"width\":324,\"height\":200,\"caption\":\"Mercapalma\"},\"image\":{\"@id\":\"https:\/\/mercapalma.net\/#\/schema\/logo\/image\/\"},\"sameAs\":[\"https:\/\/www.facebook.com\/mercapalma.sa\",\"https:\/\/www.instagram.com\/mercapalma\/\"]}]}<\/script>\n<!-- \/ Yoast SEO plugin. -->","yoast_head_json":{"title":"Inici - Mercapalma","robots":{"index":"index","follow":"follow","max-snippet":"max-snippet:-1","max-image-preview":"max-image-preview:large","max-video-preview":"max-video-preview:-1"},"canonical":"https:\/\/mercapalma.net\/ca\/","og_locale":"ca_ES","og_type":"article","og_title":"Inici - Mercapalma","og_description":"...","og_url":"https:\/\/mercapalma.net\/ca\/","og_site_name":"Mercapalma","article_publisher":"https:\/\/www.facebook.com\/mercapalma.sa","article_modified_time":"2023-10-02T08:29:42+00:00","og_image":[{"url":"https:\/\/mercapalma.net\/wp-content\/uploads\/Horarios-02.png","type":"","width":"","height":""}],"twitter_card":"summary_large_image","twitter_misc":{"Temps estimat de lectura":"9 minuts"},"schema":{"@context":"https:\/\/schema.org","@graph":[{"@type":"WebPage","@id":"https:\/\/mercapalma.net\/ca\/","url":"https:\/\/mercapalma.net\/ca\/","name":"Inici - Mercapalma","isPartOf":{"@id":"https:\/\/mercapalma.net\/#website"},"primaryImageOfPage":{"@id":"https:\/\/mercapalma.net\/ca\/#primaryimage"},"image":{"@id":"https:\/\/mercapalma.net\/ca\/#primaryimage"},"thumbnailUrl":"https:\/\/mercapalma.net\/wp-content\/uploads\/Horarios-02.png","datePublished":"2021-02-13T12:21:03+00:00","dateModified":"2023-10-02T08:29:42+00:00","breadcrumb":{"@id":"https:\/\/mercapalma.net\/ca\/#breadcrumb"},"inLanguage":"ca","potentialAction":[{"@type":"ReadAction","target":["https:\/\/mercapalma.net\/ca\/"]}]},{"@type":"ImageObject","inLanguage":"ca","@id":"https:\/\/mercapalma.net\/ca\/#primaryimage","url":"https:\/\/mercapalma.net\/wp-content\/uploads\/Horarios-02.png","contentUrl":"https:\/\/mercapalma.net\/wp-content\/uploads\/Horarios-02.png"},{"@type":"BreadcrumbList","@id":"https:\/\/mercapalma.net\/ca\/#breadcrumb","itemListElement":[{"@type":"ListItem","position":1,"name":"Portada","item":"https:\/\/mercapalma.net\/ca\/"},{"@type":"ListItem","position":2,"name":"Inici"}]},{"@type":"WebSite","@id":"https:\/\/mercapalma.net\/#website","url":"https:\/\/mercapalma.net\/","name":"Mercapalma","description":"Mercados centrales de abastecimientos de Mallorca","publisher":{"@id":"https:\/\/mercapalma.net\/#organization"},"potentialAction":[{"@type":"SearchAction","target":{"@type":"EntryPoint","urlTemplate":"https:\/\/mercapalma.net\/?s={search_term_string}"},"query-input":{"@type":"PropertyValueSpecification","valueRequired":true,"valueName":"search_term_string"}}],"inLanguage":"ca"},{"@type":"Organization","@id":"https:\/\/mercapalma.net\/#organization","name":"Mercapalma","url":"https:\/\/mercapalma.net\/","logo":{"@type":"ImageObject","inLanguage":"ca","@id":"https:\/\/mercapalma.net\/#\/schema\/logo\/image\/","url":"https:\/\/mercapalma.net\/wp-content\/uploads\/mercapalma.jpeg","contentUrl":"https:\/\/mercapalma.net\/wp-content\/uploads\/mercapalma.jpeg","width":324,"height":200,"caption":"Mercapalma"},"image":{"@id":"https:\/\/mercapalma.net\/#\/schema\/logo\/image\/"},"sameAs":["https:\/\/www.facebook.com\/mercapalma.sa","https:\/\/www.instagram.com\/mercapalma\/"]}]}},"_links":{"self":[{"href":"https:\/\/mercapalma.net\/ca\/wp-json\/wp\/v2\/pages\/17100","targetHints":{"allow":["GET"]}}],"collection":[{"href":"https:\/\/mercapalma.net\/ca\/wp-json\/wp\/v2\/pages"}],"about":[{"href":"https:\/\/mercapalma.net\/ca\/wp-json\/wp\/v2\/types\/page"}],"author":[{"embeddable":true,"href":"https:\/\/mercapalma.net\/ca\/wp-json\/wp\/v2\/users\/1"}],"replies":[{"embeddable":true,"href":"https:\/\/mercapalma.net\/ca\/wp-json\/wp\/v2\/comments?post=17100"}],"version-history":[{"count":0,"href":"https:\/\/mercapalma.net\/ca\/wp-json\/wp\/v2\/pages\/17100\/revisions"}],"wp:attachment":[{"href":"https:\/\/mercapalma.net\/ca\/wp-json\/wp\/v2\/media?parent=17100"}],"curies":[{"name":"wp","href":"https:\/\/api.w.org\/{rel}","templated":true}]}}